{"id":10,"date":"2023-08-09T23:27:15","date_gmt":"2023-08-09T21:27:15","guid":{"rendered":"https:\/\/s5.kaniecki.net\/?page_id=10"},"modified":"2025-11-14T23:47:10","modified_gmt":"2025-11-14T22:47:10","slug":"ksiazka","status":"publish","type":"page","link":"https:\/\/centrum-songo.pl\/index.php\/ksiazka\/","title":{"rendered":"KSI\u0104\u017bKA \/ EBOOK \/ AUDIOBOOK"},"content":{"rendered":"<h4 class=\"text-center\">Kup<br \/>klikaj\u0105c wybran\u0105 opcj\u0119<\/h4>\n<h3>\n<ol class=\"aligncenter width-430px\">\n<li style=\"padding-bottom: 10px; \"><a style=\"color: #000000; \" href=\"https:\/\/allegro.pl\/uzytkownik\/centrum-songo\" target=\"allegro\" rel=\"noopener\">ksi\u0105\u017ck\u0119 na Allegro<\/a><\/li>\n<li style=\"padding-bottom: 10px; \"><a style=\"color: #000000; \" href=\"https:\/\/www.empik.com\/o-psie-i-czlowieku-przemyslenia-z-zycia-trenera-miroslaw-dubiel,p1619361296,ksiazka-p\" target=\"sklep\" rel=\"noopener\">ksi\u0105\u017ck\u0119 w Empik<\/a><\/li>\n<li style=\"padding-bottom: 10px; \"><a style=\"color: #000000; \" href=\"https:\/\/woblink.com\/ebook\/o-psie-i-czlowieku-przemyslenia-z-zycia-trenera-miroslaw-dubiel-357650u\" target=\"sklep2\" rel=\"noopener\">eBook  w sklepie internetowym<\/a><\/li>\n<li style=\"padding-bottom: 10px; \"><a style=\"color: #000000; \" href=\"https:\/\/woblink.com\/audiobook\/o-psie-i-czlowieku-przemyslenia-z-zycia-trenera-miroslaw-dubiel-360227\" target=\"sklep3\" rel=\"noopener\">audiobook  w sklepie internetowym<\/a><\/li>\n<\/ol>\n<\/h3>\n<p><img decoding=\"async\" class=\"size-large wp-image-3089 aligncenter\" src=\"\/wp-content\/uploads\/2025\/11\/ksiazki_banner.jpeg\" alt=\"\" \/><\/p>\n<p><iframe loading=\"lazy\" title=\"live wywiad  \u201co psie i cz\u0142owieku\u201d   wywiad z autorem ksi\u0105\u017cki  Mirkiem Dubielem\" width=\"500\" height=\"281\" src=\"https:\/\/www.youtube.com\/embed\/hi0C67-M-EE?feature=oembed\" frameborder=\"0\" allow=\"accelerometer; autoplay; clipboard-write; encrypted-media; gyroscope; picture-in-picture; web-share\" referrerpolicy=\"strict-origin-when-cross-origin\" allowfullscreen><\/iframe><\/p>\n<h4 class=\"text-center\">\u201eO psie i cz\u0142owieku, przemy\u015blenia z \u017cycia trenera\u201d to ksi\u0105\u017cka napisana przez \u017cycie.<\/h4>\n<p>Opieraj\u0105c si\u0119 na swoim ponad 20 letnim do\u015bwiadczeniu w pracy z psami oraz lud\u017ami, na \u0142amach tej ksi\u0105\u017cki dziele si\u0119 wnioskami z moich obserwacji z czytelnikiem. Pozycja ta nie jest tylko i wy\u0142\u0105cznie zwyk\u0142ym poradnikiem, daj\u0105cym jasne rozwi\u0105zania jak wychowa\u0107 i wyszkoli\u0107 psa, nie jest te\u017c zbiorem technik szkoleniowych opracowanych krok po kroku, nie jest r\u00f3wnie\u017c nudnym i ma\u0142o zrozumia\u0142ym przekazem wiedzy naukowej. Ksi\u0105\u017ck\u0119 t\u0119 mo\u017cna okre\u015bli\u0107 mianem zbioru moich refleksji na temat relacji pomi\u0119dzy psami i lud\u017ami oraz odwrotnie, lud\u017ami i psami. Czasem k\u0105saj\u0105ca, zwracaj\u0105ca uwag\u0119, wbijaj\u0105ca szpilk\u0119 czytelnikowi, ma za zadanie go inspirowa\u0107, eksponowa\u0107 zale\u017cno\u015bci przyczynowo \u2013 skutkowe wsp\u00f3\u0142istnienia z psem, kt\u00f3rych by\u0107 mo\u017ce wcze\u015bniej on sam nie zauwa\u017ca\u0142. Jest to moja \u201efilozofia\u201d spojrzenia nie tylko na psy, ale i na ludzi, wskazanie naszych ludzkich wad i ogranicze\u0144 kt\u00f3re le\u017c\u0105 u podstaw cz\u0119sto b\u0142\u0119dnych relacji z psami. Oczywi\u015bcie znalaz\u0142o si\u0119 w niej r\u00f3wnie\u017c miejsce na zbi\u00f3r praktycznych porad szkoleniowych i wychowawczych ale nie jest to g\u0142\u00f3wnym zadaniem tej ksi\u0105\u017cki. Nie jest to jedyna prawda o psach, to tylko moja prawda, dlatego jest wyj\u0105tkowa, nie powiela bezmy\u015blnie utartych schemat\u00f3w i nie kopiuje ju\u017c wyznaczonych trend\u00f3w. Mog\u0119 \u015bmia\u0142o zaryzykowa\u0107 stwierdzenie \u017ce to ja jestem t\u0105 ksi\u0105\u017ck\u0105, to czy i jak j\u0105 przyjmiesz, zale\u017cy tylko od Ciebie, drogi\u00a0czytelniku.<\/p>\n<p><img decoding=\"async\" class=\"size-large wp-image-3089 aligncenter\" src=\"\/wp-content\/uploads\/2024\/09\/ksiazka_new.jpg\" alt=\"\" style=\"width: 500px; \" \/><br \/>\n<img decoding=\"async\" class=\"size-large wp-image-3089 aligncenter\" src=\"\/wp-content\/uploads\/2024\/02\/Ksiazka2_spis.jpg\" alt=\"\" style=\"width: 500px; \" \/><\/p>\n<h4 class=\"text-center\">\u201ePSYCHODOG. Kim jest dla Ciebie pies ?\u201d czyli wy\u0142\u00f3\u017cmy kaw\u0119 na \u0142aw\u0119.<\/h4>\n<p>Ksi\u0105\u017cka, kt\u00f3ra \u0142\u0105czy w sobie dwa spojrzenia na psa, na obecne role, jakie odgrywa on w \u017cyciu ludzi oraz na to, jaki wp\u0142yw na tego psa ma cz\u0142owiek, kt\u00f3ry z nim \u017cyje. Ta ksi\u0105\u017cka to swego rodzaju dyskusja na temat pozytywnych aspekt\u00f3w ewolucji, jak\u0105 my \u2013 ludzie \u2212 przeszli\u015bmy w pojmowaniu miejsca ps\u00f3w w naszym \u015bwiecie, a jednocze\u015bnie jest ona te\u017c ostrze\u017ceniem przed zagro\u017ceniami, jakie z tego wynikaj\u0105 i gromadz\u0105 si\u0119 niepokoj\u0105co, niczym czarne chmury, w naszych domach i \u017cyciu. Dzie\u0142o to stworzy\u0142o dla Ciebie dw\u00f3ch autor\u00f3w i jest ono pok\u0142osiem wielu rozm\u00f3w, jakie mi\u0119dzy sob\u0105 odbyli, stawiaj\u0105c r\u00f3\u017cne hipotezy. Mog\u0105 oni czasem si\u0119 ze sob\u0105 nie zgadza\u0107, by innym razem przyzna\u0107 sobie wzajemnie racj\u0119. Dwa spojrzenia bacznych obserwator\u00f3w tej psiej, jak i ludzkiej rzeczywisto\u015bci, dwa \u015bwiaty pracy z psami i lud\u017ami, kt\u00f3re jednak cz\u0119sto mocno si\u0119 ze sob\u0105 przeplataj\u0105, tworz\u0105c przestrze\u0144 do przekazania swoich obaw i poszukiwania rozwi\u0105za\u0144. Po\u0142\u0105czone si\u0142y dwojga autor\u00f3w, dwie perspektywy na wsp\u00f3lny \u015bwiat najbli\u017cszych sobie gatunk\u00f3w. Dzie\u0142o pe\u0142ne refleksji, spostrze\u017ce\u0144 i wskaz\u00f3wek, w kt\u00f3rym ka\u017cdy z autor\u00f3w czerpie ze swojego koszyka praktycznego do\u015bwiadczenia i wiedzy w zakresie pracy z psami oraz psychologii ludzi.<\/p>\n<p><img decoding=\"async\" class=\"size-large wp-image-3089 aligncenter\" src=\"\/wp-content\/uploads\/2025\/11\/ksiazka_psycholog_okladka.jpeg\" alt=\"\" style=\"width: 500px; \" \/><br \/>\n<img decoding=\"async\" class=\"size-large wp-image-3089 aligncenter\" src=\"\/wp-content\/uploads\/2025\/11\/ksiazka_psycholog_spis_tresci.jpeg\" alt=\"\" style=\"width: 500px; \" \/><\/p>\n","protected":false},"excerpt":{"rendered":"<p>Kupklikaj\u0105c wybran\u0105 opcj\u0119 ksi\u0105\u017ck\u0119 na Allegro ksi\u0105\u017ck\u0119 w Empik eBook w sklepie internetowym audiobook w sklepie internetowym \u201eO psie i cz\u0142owieku, przemy\u015blenia z \u017cycia trenera\u201d to ksi\u0105\u017cka napisana przez \u017cycie. Opieraj\u0105c si\u0119 na swoim ponad 20 letnim do\u015bwiadczeniu w pracy z psami oraz lud\u017ami, na \u0142amach tej ksi\u0105\u017cki dziele si\u0119 wnioskami z moich obserwacji z czytelnikiem. Pozycja ta nie jest tylko i wy\u0142\u0105cznie zwyk\u0142ym poradnikiem, daj\u0105cym jasne rozwi\u0105zania jak wychowa\u0107 i wyszkoli\u0107 psa, nie jest te\u017c zbiorem technik szkoleniowych opracowanych krok po kroku, nie jest r\u00f3wnie\u017c nudnym i ma\u0142o zrozumia\u0142ym przekazem wiedzy naukowej. Ksi\u0105\u017ck\u0119 t\u0119 mo\u017cna okre\u015bli\u0107 mianem zbioru moich&#8230; <\/p>\n","protected":false},"author":1,"featured_media":6026,"parent":0,"menu_order":0,"comment_status":"closed","ping_status":"closed","template":"page-templates\/template-full-width.php","meta":{"footnotes":""},"class_list":["post-10","page","type-page","status-publish","has-post-thumbnail","hentry"],"_links":{"self":[{"href":"https:\/\/centrum-songo.pl\/index.php\/wp-json\/wp\/v2\/pages\/10","targetHints":{"allow":["GET"]}}],"collection":[{"href":"https:\/\/centrum-songo.pl\/index.php\/wp-json\/wp\/v2\/pages"}],"about":[{"href":"https:\/\/centrum-songo.pl\/index.php\/wp-json\/wp\/v2\/types\/page"}],"author":[{"embeddable":true,"href":"https:\/\/centrum-songo.pl\/index.php\/wp-json\/wp\/v2\/users\/1"}],"replies":[{"embeddable":true,"href":"https:\/\/centrum-songo.pl\/index.php\/wp-json\/wp\/v2\/comments?post=10"}],"version-history":[{"count":78,"href":"https:\/\/centrum-songo.pl\/index.php\/wp-json\/wp\/v2\/pages\/10\/revisions"}],"predecessor-version":[{"id":6040,"href":"https:\/\/centrum-songo.pl\/index.php\/wp-json\/wp\/v2\/pages\/10\/revisions\/6040"}],"wp:featuredmedia":[{"embeddable":true,"href":"https:\/\/centrum-songo.pl\/index.php\/wp-json\/wp\/v2\/media\/6026"}],"wp:attachment":[{"href":"https:\/\/centrum-songo.pl\/index.php\/wp-json\/wp\/v2\/media?parent=10"}],"curies":[{"name":"wp","href":"https:\/\/api.w.org\/{rel}","templated":true}]}}