{"id":7,"date":"2023-08-09T23:27:15","date_gmt":"2023-08-09T21:27:15","guid":{"rendered":"https:\/\/s5.kaniecki.net\/?page_id=7"},"modified":"2025-11-14T23:33:16","modified_gmt":"2025-11-14T22:33:16","slug":"o-mnie","status":"publish","type":"page","link":"https:\/\/centrum-songo.pl\/index.php\/o-mnie\/","title":{"rendered":"O mnie"},"content":{"rendered":"<section class=\"section-content \" style=\" \">\r\n\t\t\t\t<div class=\"containerslk\">\r\n\t\t\t\t\t<div class=\"wow \" data-wow-duration=\"3s\">\r\n\t\t\t\t\t\t<div class=\"section_head\">\r\n\t\t\t<h4 class=\"section-sub-title\">Serdecznie witam<\/h4>\r\n\t\t\t<h2 class=\"section_title\"><span>Nazywam si\u0119 Miros\u0142aw Dubiel:<\/span><\/h2>\r\n\t\t\t<p><\/p>\r\n\t\t<\/div><!-- section head -->\t\t\t\t\t\t\r\n\t\t\t\t\t\t<\/p>\n<p><img decoding=\"async\" class=\"aligncenter wp-image-136 perc-50\" src=\"\/wp-content\/uploads\/2024\/08\/image_50398465-scaled.jpg\" alt=\"\" \/><\/p>\n<div class=\"clear\"><\/div>\n\r\n\t\t\t\t\t<\/div><!-- animation class -->\r\n\t\t\t\t<\/div><!-- container class -->\t\t\t\t\t\t\t\t\r\n\t\t\t<\/section><!-- section -->\n<p><div class=\"one_third aboutwel-left\"><p>\n<img decoding=\"async\" class=\"alignnone size-full wp-image-136\" src=\"\/wp-content\/uploads\/2023\/08\/oMnie03.jpeg\" alt=\"\" width=\"100%\" \/><\/p>\n<\/div><div class=\"two_third lapka aboutwel-right last_column\"><\/p>\n<ul>\n<li>od 2001 roku jestem hodowc\u0105 ps\u00f3w rasy Siberian Husky i Owczarek \u015arodkowoazjatycki &#8211; prowadz\u0119 hodowl\u0119 &#8222;SONGO&#8221;\u00a0 odchowa\u0142em kilkadziesi\u0105t miot\u00f3w co daje mi wielkie hodowlane do\u015bwiadczenie<\/li>\n<\/ul>\n<p>\n<\/div><br \/>\n<div class=\"clear\"><\/div><\/p>\n<div class=\"two_third lapka aboutwel-left\"><ul>\n<li>posiadam tytu\u0142 &#8222;tresera ps\u00f3w&#8221; ( cho\u0107 zdecydowanie wol\u0119 u\u017cywa\u0107 s\u0142owa &#8222;trener&#8221; ) wydany z ramienia Ministerstwa Edukacji Narodowej, uzyskany w 2009 \u00a0roku w Europejskim Studium Psychologii Zwierz\u0105t i Wiedzy Praktycznej, moim nauczycielem by\u0142 ceniony trener i zoopsycholog, na zawsze w mojej pami\u0119ci, Marcin Wierzba<\/li>\n<\/ul>\n<p>\n<\/div><div class=\"one_third aboutwel-right last_column\"><p>\n<img decoding=\"async\" class=\"alignnone size-full wp-image-136\" src=\"\/wp-content\/uploads\/2023\/08\/oMnie04.jpeg\" alt=\"\" width=\"100%\" \/><\/p>\n<\/div><br \/>\n<div class=\"clear\"><\/div><\/p>\n<p><div class=\"one_third aboutwel-left\"><p>\n<img decoding=\"async\" class=\"alignnone size-full wp-image-136\" src=\"\/wp-content\/uploads\/2023\/08\/oMnie05.jpeg\" alt=\"\" width=\"100%\" \/><\/p>\n<\/div><div class=\"two_third lapka aboutwel-right last_column\"><\/p>\n<ul>\n<li>jestem przewodnikiem psa ratowniczego w Grupie Poszukiwawczo-Ratowniczej OSP Solarnia oraz trenerem i koordynatorem ds. ps\u00f3w s\u0142u\u017cbowych w tej jednostce. Wraz z moj\u0105 psi\u0105 partnerk\u0105 URK\u0104 s\u0142u\u017cylismy przez 8 lat bior\u0105c udzia\u0142 w wielu akcjach kt\u00f3rych celem by\u0142o niesienie pomocy osobom zaginionym.<\/li>\n<\/ul>\n<p>\n<\/div><br \/>\n<div class=\"clear\"><\/div><\/p>\n<div class=\"two_third lapka aboutwel-left\"><ul>\n<li>W 2024 roku odby\u0142em wypraw\u0119 badawcz\u0105 w okolice r\u00f3wnika kt\u00f3rej celem by\u0142a obserwacja tamtejszych dziko \u017cyj\u0105cych ps\u00f3w , ich fenotypu oraz zachowa\u0144 przystosowawczo-korzystnych pozwalaj\u0105cych im na przetrwanie w trudnym\u00a0\u015brodowisku.<\/li>\n<\/ul>\n<p>\n<\/div><div class=\"one_third aboutwel-right last_column\"><p>\n<img decoding=\"async\" class=\"alignnone size-full wp-image-136\" src=\"\/wp-content\/uploads\/2024\/09\/oMnie_rownik.jpg\" alt=\"\" width=\"100%\" \/><\/p>\n<\/div><br \/>\n<div class=\"clear\"><\/div><\/p>\n<p><div class=\"one_third aboutwel-left\"><p>\n<img decoding=\"async\" class=\"alignnone size-full wp-image-136\" src=\"\/wp-content\/uploads\/2025\/11\/ksiazki_zestaw_2.jpeg\" alt=\"\" width=\"100%\" \/><\/p>\n<\/div><div class=\"two_third lapka aboutwel-right last_column\"><\/p>\n<ul>\n<li>Jestem autorem ksi\u0105\u017cki \u201eO psie i cz\u0142owieku przemy\u015blenia z \u017cycia trenera\u201d kt\u00f3ra zosta\u0142a wydana w 2024 roku oraz wsp\u00f3\u0142autorem ksi\u0105\u017cki &#8222;PSYCHODOG. Kim jest dla Ciebie pies ?&#8221; wydanej w 2025 roku. W ksi\u0105\u017ckach tych korzystam ze swojego do\u015bwiadczenia \u017cycia i pracy z psami oraz ich opiekunami. Jest to zbi\u00f3ra obserwcji i refleksji z nich p\u0142yn\u0105cych, dotycz\u0105cych zale\u017cno\u015bci przyczynowo-skutkowych w relacjach mi\u0119dzy dwoma tak r\u00f3\u017cnymi gatunkami.  Czytelnicy znajd\u0105 w tych ksi\u0105\u017ckach r\u00f3wnie\u017c  cenne rady dotycz\u0105ce budowa wi\u0119zi i wsp\u00f3\u0142pracy z psem.<\/li>\n<\/ul>\n<p>\n<\/div><br \/>\n<div class=\"clear\"><\/div><\/p>\n<div class=\"two_third lapka aboutwel-left\"><ul>\n<li>Mia\u0142em przyjemno\u015b\u0107 s\u0119dziowa\u0107 prac\u0119 ps\u00f3w ratowniczych w grupie zaawansowanej podczas III Og\u00f3lnopolskich Zawod\u00f3w Ps\u00f3w Ratowniczych o Puchar Zaginionego Grzybiarza.<\/li>\n<\/ul>\n<p>\n<\/div><div class=\"one_third aboutwel-right last_column\"><p>\n<img decoding=\"async\" class=\"alignnone size-full wp-image-136\" src=\"\/wp-content\/uploads\/2023\/08\/oMnie06.jpeg\" alt=\"\" width=\"100%\" \/><\/p>\n<\/div><br \/>\n<div class=\"clear\"><\/div><\/p>\n<p><div class=\"one_third aboutwel-left\"><p>\n<img decoding=\"async\" class=\"alignnone size-full wp-image-136\" src=\"\/wp-content\/uploads\/2023\/08\/oMnie07.jpeg\" alt=\"\" width=\"100%\" \/><\/p>\n<\/div><div class=\"two_third lapka aboutwel-right last_column\"><\/p>\n<p>Bra\u0142em udzia\u0142 w II Mi\u0119dzynarodowej Konferencja dotycz\u0105cej Szkolenia Zwierz\u0105t &#8211; ANIMAL TRAINING METHODS &#8211; w ramach kt\u00f3rej uczestniczy\u0142em w wyk\u0142adach:<\/p>\n<ul>\n<li>&#8222;Neurobiologia pami\u0119ci i uczenia si\u0119 u zwierz\u0105t&#8221; Dr Pawe\u0142 Boguszewski, Pracownia Modeli Zwierz\u0119cych, Instytut Biologii Do\u015bwiadczalnej im. M. Nenckiego, PAN<\/li>\n<li>&#8222;J\u0105dro \u015brodkowe cia\u0142a migda\u0142owatego kontroluje emocje przekazywane spo\u0142ecznie&#8221; Dr Ksenia Meyza, Pracownia Neurobiologii Emocji, Instytut Biologii Do\u015bwiadczalnej Im. M. Nenckiego PAN<\/li>\n<li>Metoda ETNA i jej zastosowanie w treningu ps\u00f3w wykazuj\u0105cych zachowania agresywne Dr Ewa Adamkiewicz, zoopsycholog, trener ps\u00f3w, DOC4DOGS<\/li>\n<li>&#8222;Znaczenie instynktu w kontek\u015bcie szkolenia psa pasterskiego&#8221; Dr in\u017c. Ma\u0142gorzata Goleman, Zak\u0142ad Hodowli i Dobrostanu Zwierz\u0105t Towarzysz\u0105cych, Katedra Etologii i Dobrostanu Zwierz\u0105t, Wydzia\u0142 Biologii, Nauk o Zwierz\u0119tach i Biogospodarki, Uniwersytet Przyrodniczy w Lublinie<\/li>\n<li>&#8222;Zastosowanie TTouch w pracy z psami&#8221; Sarah Fisher instruktorka Tellington Touch, doradca behawioralny ds. ps\u00f3w i koni<\/li>\n<li>&#8222;Agresywne i reaktywne zachowania ps\u00f3w: zapobieganie problemom i ich rozwi\u0105zywanie&#8221; oraz &#8222;Podstawy szkolenia ps\u00f3w w obronie&#8221; Ji\u0159\u00ed \u0160\u010du\u010dka profesjonalny trener zwierz\u0105t, W\u0142a\u015bciciel szko\u0142y Ji\u0159\u00ed \u0160\u010du\u010dka Animal Training Academy<\/li>\n<li>Motywacja i sposoby jej wykorzystania w pracy ps\u00f3w ratowniczych Mgr Katarzyna Jakubowska przewodnik psa ratowniczego w Ochotniczej Stra\u017cy Po\u017carnej Jednostce Ratownictwa Specjalistycznego we Wroc\u0142awiu, w\u0142a\u015bciciel szko\u0142y Let\u2019s dog &#8211; DOGadaj si\u0119 ze swoim psem, trener ps\u00f3w Ji\u0159\u00ed \u0160\u010du\u010dka Animal Training Academy, kynolog<\/li>\n<\/ul>\n<p>\n<\/div><br \/>\n<div class=\"clear\"><\/div><\/p>\n<div class=\"two_third lapka aboutwel-left\"><ul>\n<li>uczestniczy\u0142em w seminarium prowadzonym przez wybitnego w\u0142oskiego terapeut\u0119 ps\u00f3w Michele Minunno pt. &#8222;Terapia agresji przez komunikacj\u0119&#8221;<\/li>\n<\/ul>\n<p>\n<\/div><div class=\"one_third aboutwel-right last_column\"><p>\n<img decoding=\"async\" class=\"alignnone size-full wp-image-136\" src=\"\/wp-content\/uploads\/2023\/08\/oMnie08.jpeg\" alt=\"\" width=\"100%\" \/><\/p>\n<\/div><br \/>\n<div class=\"clear\"><\/div><\/p>\n<p><div class=\"one_third aboutwel-left\"><p>\n<img decoding=\"async\" class=\"alignnone size-full wp-image-136\" src=\"\/wp-content\/uploads\/2023\/08\/oMnie09.jpeg\" alt=\"\" width=\"100%\" \/><\/p>\n<\/div><div class=\"two_third lapka aboutwel-right last_column\"><\/p>\n<ul>\n<li>uczestniczy\u0142em w seminarium uznawanego za najlepszego trenera na \u015bwiecie &#8211; Barta Bellona, dotycz\u0105cym opatentowanej przez niego\u00a0 filozofii szkolenia ps\u00f3w NEPOPO<\/li>\n<\/ul>\n<p>\n<\/div><br \/>\n<div class=\"clear\"><\/div><\/p>\n<div class=\"two_third lapka aboutwel-left\"><ul>\n<li>uczestniczy\u0142em w seminarium Profesora Raymonda Coppingera pt. &#8222;Etologia i ekologia behawioralna psa domowego&#8221; organizowanym przec COAPE Polska<\/li>\n<\/ul>\n<p>\n<\/div><div class=\"one_third aboutwel-right last_column\"><p>\n<img decoding=\"async\" class=\"alignnone size-full wp-image-136\" src=\"\/wp-content\/uploads\/2023\/08\/oMnie10.jpeg\" alt=\"\" width=\"100%\" \/><\/p>\n<\/div><br \/>\n<div class=\"clear\"><\/div><\/p>\n<p><div class=\"one_third aboutwel-left\"><p>\n<img decoding=\"async\" class=\"alignnone size-full wp-image-136\" src=\"\/wp-content\/uploads\/2023\/08\/oMnie11.jpeg\" alt=\"\" width=\"100%\" \/><\/p>\n<\/div><div class=\"two_third lapka aboutwel-right last_column\"><\/p>\n<ul>\n<li>uczestniczy\u0142em w seminarium dotycz\u0105cym szkolenia ps\u00f3w prowadzonym przez jednego z najlepszych trener\u00f3w w Europie &#8211; Jiri Scucka pt. &#8222;Paraca z psem&#8221;<\/li>\n<li>uczestniczy\u0142em w seminarium dotycz\u0105cym szkolenia ps\u00f3w prowadzonym przez jednego z najlepszych trener\u00f3w w Europie &#8211; Jiri Scucka pt. &#8222;Clicker Training&#8221;<\/li>\n<li>uczestniczy\u0142em w seminarium dotycz\u0105cym szkolenia ps\u00f3w prowadzonym przez jednego z najlepszych trener\u00f3w w Europie &#8211; Jiri Scucka pt. &#8222;Elektroniczne obro\u017ce szkoleniowe &#8211; podstawy u\u017cywania&#8221;<\/li>\n<\/ul>\n<p>\n<\/div><br \/>\n<div class=\"clear\"><\/div><\/p>\n<div class=\"two_third lapka aboutwel-left\"><ul>\n<li>uczestniczy\u0142em w seminarium dotycz\u0105cym wykrywania zapach\u00f3w prowadzonycm przez wybitn\u0105, niemieck\u0105 przewodniczk\u0119 ps\u00f3w policyjnych wykrywaj\u0105cych materia\u0142y wybuchowe &#8211; Birgit Baier<\/li>\n<\/ul>\n<p>\n<\/div><div class=\"one_third aboutwel-right last_column\"><p>\n<img decoding=\"async\" class=\"alignnone size-full wp-image-136\" src=\"\/wp-content\/uploads\/2023\/08\/oMnie12.jpeg\" alt=\"\" width=\"100%\" \/><\/p>\n<\/div><br \/>\n<div class=\"clear\"><\/div><\/p>\n<p><div class=\"one_third aboutwel-left\"><p>\n<img decoding=\"async\" class=\"alignnone size-full wp-image-136\" src=\"\/wp-content\/uploads\/2023\/08\/oMnie13.jpeg\" alt=\"\" width=\"100%\" \/><\/p>\n<\/div><div class=\"two_third lapka aboutwel-right last_column\"><\/p>\n<ul>\n<li>uczestniczy\u0142em w kursie &#8222;Instruktor Agility&#8221; prowadzonym przez Pana Leszka Kalisza w Centrum Edukacji Kynologicznej Psiakademia<\/li>\n<\/ul>\n<p>\n<\/div><br \/>\n<div class=\"clear\"><\/div><\/p>\n<div class=\"two_third lapka aboutwel-left\"><ul>\n<li>uczestniczy\u0142em w warsztatach &#8222;Aport i motywacja&#8221; prowadzonych przez Pani\u0105 Zofi\u0119 Mrzewi\u0144sk\u0105 w Centrum Edukacji Kynologicznej Psiakademia<\/li>\n<\/ul>\n<p>\n<\/div><div class=\"one_third aboutwel-right last_column\"><p>\n<img decoding=\"async\" class=\"alignnone size-full wp-image-136\" src=\"\/wp-content\/uploads\/2023\/08\/oMnie14.jpeg\" alt=\"\" width=\"100%\" \/><\/p>\n<\/div><br \/>\n<div class=\"clear\"><\/div><\/p>\n<div class=\"hr\"><\/div>\n<div class=\"lapka\">\n<ul>\n<li>uczestniczy\u0142em w kursie &#8222;Wp\u0142yw \u017cywienia na zachowania ps\u00f3w&#8221; prowadzonym przez Pani\u0105 Dr.n.wet Sybill\u0119 Berwid-W\u00f3jtowicz w Centrum Edukacji Kynologicznej Psiakademia<\/li>\n<\/ul>\n<\/div>\n<div class=\"hr\"><\/div>\n<p>Sam ju\u017c nie pami\u0119tam dobrze kiedy w mojej g\u0142owie zrodzi\u0142a si\u0119 psia pasja. Jestem sk\u0142onny s\u0105dzi\u0107, \u017ce pierwsze s\u0142owa jakie pad\u0142o z moich ust brzmia\u0142o \u201epiesek\u201d . Jest to gatunek kt\u00f3ry od zawsze bardzo mnie przyci\u0105ga\u0142, mo\u017ce dlatego \u017ce nie urodzi\u0142em si\u0119 w rodzinie z psem tak bardzo mi go brakowa\u0142o, \u00a0a mo\u017ce dlatego \u017ce moja mama si\u0119 ich ba\u0142a, a mo\u017ce dlatego \u017ce m\u00f3j Tata je bardzo lubi\u0142\u2026nie wiem, mo\u017ce te\u017c dlatego \u017ce zawsze wybrzmiewa\u0142 we mnie zew wolno\u015bci, mi\u0142o\u015b\u0107 do natury, przyrody, lasu\u2026chcia\u0142em mie\u0107 przy sobie przyjaciela z kt\u00f3rym b\u0119d\u0119 m\u00f3g\u0142 przemierza\u0107 opustosza\u0142e le\u015bnie szlaki\u2026<\/p>\n<p>Wolne chwile sp\u0119dza\u0142em na czytaniu ksi\u0105\u017cek o psach, ch\u0119tnie je\u017adzi\u0142em z rodzicami do znajomych kt\u00f3rzy psy posiadali, do gospodarzy kt\u00f3rych psy pracowa\u0142y przy stadach byd\u0142a. Ogl\u0105da\u0142em ka\u017cdy film w kt\u00f3rych by\u0142a obsadzona jaka\u015b psia rola, przygarnia\u0142em do domu psy z okolicy i szuka\u0142em im nowych dom\u00f3w. Pami\u0119tam wszystkie psy kt\u00f3re spotyka\u0142em w dzieci\u0144stwie, ka\u017cdy z nich zostawi\u0142 \u015blad w mojej g\u0142owie, nie wszystkie mog\u0142em g\u0142aska\u0107, niekt\u00f3re tylko pojawia\u0142y si\u0119 i znika\u0142y na mojej drodze, jednak za ka\u017cdym razem by\u0142o to dla mnie tak wyj\u0105tkowe, \u017ce do dzi\u015b jestem w stanie odtworzy\u0107 sobie ich obrazy i przypomnie\u0107 wi\u0119kszo\u015b\u0107 ich imion.<\/p>\n<p>Gdy mia\u0142em 10 lat w moim \u017cyciu pojawi\u0142 si\u0119 m\u00f3j pierwszy czworono\u017cny przyjaciel\u2026znaleziony na ulicy \u0141atek\u2026pami\u0119tam jak dzi\u015b moment w kt\u00f3rym rodzice o\u015bwiadczyli mi \u017ce to Nasz nowy cz\u0142onek rodziny\u2026nogi mia\u0142em jak z waty a moje policzki pali\u0142y si\u0119 od czerwono\u015bci, bola\u0142 mnie brzuch a \u015bwiat wok\u00f3\u0142 wirowa\u0142. Wtedy w\u0142a\u015bnie moje psia korba ju\u017c na zawsze zacz\u0119\u0142a okr\u0119ca\u0107 si\u0119 w jedn\u0105 stron\u0119 i nigdy ju\u017c nie zmieni\u0142a kierunku\u2026<\/p>\n<p>Gdy by\u0142em \u00a0nastolatkiem moja pasja nadal si\u0119 rozwija\u0142a i nie mia\u0142a zamiaru przesta\u0107\u2026dzi\u0119ki wsparciu moich rodzic\u00f3w mog\u0142em powoli wkracza\u0107 w g\u0142\u0119bsze zagadnienia kynologii \u2013 pierwszy rodowodowy pies, pierwsze wystawy, szczeni\u0119ta\u2026magiczne prze\u017cycia.<\/p>\n<p>Dzi\u015b, od tamtych chwil min\u0119\u0142o wiele wspania\u0142ych lat\u2026my\u015bl\u0119, \u017ce miejsce w kt\u00f3rym obecnie jestem zawdzi\u0119czam wielu swoim anio\u0142om kt\u00f3re mia\u0142em niew\u0105tpliwe szcz\u0119\u015bcie spotka\u0107 na swojej drodze. Dzi\u0119kuj\u0119 mojej rodzinie, Mamie, Tacie i Siostrze za wsparcie i wyrozumia\u0142o\u015b\u0107 oraz po\u015bwi\u0119cenie bym m\u00f3g\u0142 realizowa\u0107 swoj\u0105 pasj\u0119 oraz za to \u017ce nigdy we mnie nie zw\u0105tpili, nawet gdy nie wszystko by\u0142o idealne. Dzi\u0119kuj\u0119 mojej mentorce, nauczycielce , Teresie Radomskiej za jej dobre rady, przyja\u017a\u0144 i nauki oraz za to \u017ce od momentu naszego pierwszego spotkania, wiele lat temu jest ona dla mnie moj\u0105 druga Mam\u0105, prawdziw\u0105 przyjaci\u00f3\u0142k\u0105 i najbli\u017csz\u0105 z bliskich mi os\u00f3b. Dzi\u0119kuj\u0119 Januszowi Wiadernemu za to \u017ce jest moim mentorem, nauczycielem i przyjacielem zarazem, i za to \u017ce wsp\u00f3lnie mo\u017cemy realizowa\u0107 swoj\u0105 wielka pasj\u0119 \u2013 mi\u0142o\u015b\u0107 do owczark\u00f3w \u015brodkowoazjatyckich, za to, \u017ce zawsze my\u015blimy tak samo i snujemy wsp\u00f3lne pi\u0119kne hodowlane plany. Dzi\u0119kuj\u0119 te\u017c pozosta\u0142ym psiarzom kt\u00f3rych spotka\u0142em na swej drodze, nic nie dzieje si\u0119 przypadkiem moi mili \ud83d\ude42<\/p>\n<p>Droga kt\u00f3r\u0105 kroczy\u0142em od dzieci\u0144stwa zaprowadzi\u0142a mnie w miejsce w kt\u00f3rym obecnie jestem, mog\u0119 z dum\u0105 powiedzie\u0107 \u017ce jestem cz\u0142owiekiem spe\u0142nionym, wci\u0105\u017c chc\u0119 si\u0119 rozwija\u0107 i robi\u0107 to co kocham, cieszy\u0107 si\u0119 tym i zara\u017ca\u0107 sw\u0105 pasj\u0105 innych ludzi.<\/p>\n<p>Z powodzeniem, od wielu lat prowadz\u0119 hodowl\u0119 Syberyjskich husky i Owczark\u00f3w \u015arodkowoazjatyckich kt\u00f3r\u0105 nazwa\u0142em SONGO od imienia bohatera pewnej mangi z mojego dzieci\u0144stwa. By\u0142 to wojownik kt\u00f3ry zawsze walczy\u0142 za dobr\u0105 spraw\u0119 i nigdy si\u0119 nie poddawa\u0142, taki w\u0142a\u015bnie chc\u0119 by\u0107 w swojej pracy.<\/p>\n<p>Jaki\u015b czas temu spe\u0142ni\u0142em kolejne swoje marzenie i otworzy\u0142em Centrum Pracy z Psem SONGO kt\u00f3re skupia w sobie o\u015brodek spe\u0142niaj\u0105cy funkcj\u0119 hotelu oraz domu tymczasowego dla ps\u00f3w, ich resocjalizacji i treningu. Zawsze chcia\u0142em pomaga\u0107 psom na du\u017c\u0105 skal\u0119, m\u00f3j o\u015brodek pozwala na tego typu prace co daje mi wiele satysfakcji i zadowolenia. Pracuj\u0119 z psami i ich opiekunami, prowadz\u0119 szkolenia grupowe i indywidualne, specjalistyczne i og\u00f3lne\u2026robi\u0119 to co kocham i jest mi z tym dobrze.<\/p>\n<p>Nasz o\u015brodek oraz hodowla po\u0142o\u017cone s\u0105 na skraju lasu, w ustronnym miejscu, gdzie psy mog\u0105 by\u0107 sob\u0105 i nikomu nie przeszkadza\u0107. Dbam o to by warunki panuj\u0105cy u Nas spe\u0142nia\u0142y jak najwy\u017csze standardy zgodnie z zasad\u0105 \u201epsy maj\u0105 czu\u0107 si\u0119 tu dobrze\u201d.<\/p>\n<p>Pragn\u0119 z tego miejsca podzi\u0119kowa\u0107 moim dw\u00f3m skarbom, \u017conie Monice i c\u00f3reczce Zosi za ich wsparcie, wyrozumia\u0142o\u015b\u0107 , za to \u017ce kochaj\u0105 \u00a0tego psiego wariata i przeprosi\u0107 , \u017ce ze wzgl\u0119du na specyfik\u0119 mojej pracy nie byli\u015bmy jeszcze na prawdziwych, wsp\u00f3lnych, rodzinnych wakacjach.<\/p>\n<p>&nbsp;<\/p>\n<p>Witam serdecznie w moim \u015bwiecie \ud83d\ude42<\/p>\n<p>&nbsp;<\/p>\n<p><div class=\"one_half aboutwel-left\"><p>\n<img decoding=\"async\" class=\"alignnone size-full wp-image-136\" src=\"\/wp-content\/uploads\/2023\/08\/oMnie15.jpeg\" alt=\"\" width=\"100%\" \/><\/p>\n<\/div><div class=\"one_half aboutwel-right last_column\"><p>\n<img decoding=\"async\" class=\"alignnone size-full wp-image-136\" src=\"\/wp-content\/uploads\/2023\/08\/oMnie16.jpeg\" alt=\"\" width=\"100%\" \/><\/p>\n<\/div><br \/>\n<div class=\"clear\"><\/div><\/p>\n<div class=\"hr\"><\/div>\n<div class=\"gallery-wrap\"><div class=\"gallery grid-col-four \">\r\n\t\t\t\t\t\t\t\t\t<div class=\"gallery-image\">\r\n\t\t\t\t\t\t\t\t\t\t<img decoding=\"async\" src=\"https:\/\/centrum-songo.pl\/wp-content\/uploads\/2023\/08\/cert01-300x300.jpg\" alt=\"cert01\"\/>\r\n\t\t\t\t\t\t\t\t\t\t<div class=\"gal-icon\">\r\n\t\t\t\t\t\t\t\t\t\t\t<a class=\"pop-gallery\" data-fancybox=\"group3\" data-thumb=\"https:\/\/centrum-songo.pl\/wp-content\/uploads\/2023\/08\/cert01-300x300.jpg\" href=\"https:\/\/centrum-songo.pl\/wp-content\/uploads\/2023\/08\/cert01.jpg\" data-caption=\"\"><i class=\"fal fa-plus\"><\/i><\/a>\r\n\t\t\t\t\t\t\t\t\t\t<\/div>\r\n\t\t\t\t\t\t\t\t\t<\/div>\r\n\t\t\t\t\t\t\t\t\t\r\n\t\t\t\t\t\t\t   <\/div><div class=\"gallery grid-col-four \">\r\n\t\t\t\t\t\t\t\t\t<div class=\"gallery-image\">\r\n\t\t\t\t\t\t\t\t\t\t<img decoding=\"async\" src=\"https:\/\/centrum-songo.pl\/wp-content\/uploads\/2023\/08\/cert02-300x300.jpeg\" alt=\"cert02\"\/>\r\n\t\t\t\t\t\t\t\t\t\t<div class=\"gal-icon\">\r\n\t\t\t\t\t\t\t\t\t\t\t<a class=\"pop-gallery\" data-fancybox=\"group3\" data-thumb=\"https:\/\/centrum-songo.pl\/wp-content\/uploads\/2023\/08\/cert02-300x300.jpeg\" href=\"https:\/\/centrum-songo.pl\/wp-content\/uploads\/2023\/08\/cert02.jpeg\" data-caption=\"\"><i class=\"fal fa-plus\"><\/i><\/a>\r\n\t\t\t\t\t\t\t\t\t\t<\/div>\r\n\t\t\t\t\t\t\t\t\t<\/div>\r\n\t\t\t\t\t\t\t\t\t\r\n\t\t\t\t\t\t\t   <\/div><div class=\"gallery grid-col-four \">\r\n\t\t\t\t\t\t\t\t\t<div class=\"gallery-image\">\r\n\t\t\t\t\t\t\t\t\t\t<img decoding=\"async\" src=\"https:\/\/centrum-songo.pl\/wp-content\/uploads\/2023\/08\/cert03-300x300.jpg\" alt=\"cert03\"\/>\r\n\t\t\t\t\t\t\t\t\t\t<div class=\"gal-icon\">\r\n\t\t\t\t\t\t\t\t\t\t\t<a class=\"pop-gallery\" data-fancybox=\"group3\" data-thumb=\"https:\/\/centrum-songo.pl\/wp-content\/uploads\/2023\/08\/cert03-300x300.jpg\" href=\"https:\/\/centrum-songo.pl\/wp-content\/uploads\/2023\/08\/cert03.jpg\" data-caption=\"\"><i class=\"fal fa-plus\"><\/i><\/a>\r\n\t\t\t\t\t\t\t\t\t\t<\/div>\r\n\t\t\t\t\t\t\t\t\t<\/div>\r\n\t\t\t\t\t\t\t\t\t\r\n\t\t\t\t\t\t\t   <\/div><div class=\"gallery grid-col-four  lastcols\">\r\n\t\t\t\t\t\t\t\t\t<div class=\"gallery-image\">\r\n\t\t\t\t\t\t\t\t\t\t<img decoding=\"async\" src=\"https:\/\/centrum-songo.pl\/wp-content\/uploads\/2023\/08\/cert04-300x300.jpg\" alt=\"cert04\"\/>\r\n\t\t\t\t\t\t\t\t\t\t<div class=\"gal-icon\">\r\n\t\t\t\t\t\t\t\t\t\t\t<a class=\"pop-gallery\" data-fancybox=\"group3\" data-thumb=\"https:\/\/centrum-songo.pl\/wp-content\/uploads\/2023\/08\/cert04-300x300.jpg\" href=\"https:\/\/centrum-songo.pl\/wp-content\/uploads\/2023\/08\/cert04.jpg\" data-caption=\"\"><i class=\"fal fa-plus\"><\/i><\/a>\r\n\t\t\t\t\t\t\t\t\t\t<\/div>\r\n\t\t\t\t\t\t\t\t\t<\/div>\r\n\t\t\t\t\t\t\t\t\t\r\n\t\t\t\t\t\t\t   <\/div><div class=\"gallery grid-col-four \">\r\n\t\t\t\t\t\t\t\t\t<div class=\"gallery-image\">\r\n\t\t\t\t\t\t\t\t\t\t<img decoding=\"async\" src=\"https:\/\/centrum-songo.pl\/wp-content\/uploads\/2023\/08\/cert05-300x300.jpg\" alt=\"cert05\"\/>\r\n\t\t\t\t\t\t\t\t\t\t<div class=\"gal-icon\">\r\n\t\t\t\t\t\t\t\t\t\t\t<a class=\"pop-gallery\" data-fancybox=\"group3\" data-thumb=\"https:\/\/centrum-songo.pl\/wp-content\/uploads\/2023\/08\/cert05-300x300.jpg\" href=\"https:\/\/centrum-songo.pl\/wp-content\/uploads\/2023\/08\/cert05.jpg\" data-caption=\"\"><i class=\"fal fa-plus\"><\/i><\/a>\r\n\t\t\t\t\t\t\t\t\t\t<\/div>\r\n\t\t\t\t\t\t\t\t\t<\/div>\r\n\t\t\t\t\t\t\t\t\t\r\n\t\t\t\t\t\t\t   <\/div><div class=\"gallery grid-col-four \">\r\n\t\t\t\t\t\t\t\t\t<div class=\"gallery-image\">\r\n\t\t\t\t\t\t\t\t\t\t<img decoding=\"async\" src=\"https:\/\/centrum-songo.pl\/wp-content\/uploads\/2023\/08\/cert06-300x300.jpg\" alt=\"cert06\"\/>\r\n\t\t\t\t\t\t\t\t\t\t<div class=\"gal-icon\">\r\n\t\t\t\t\t\t\t\t\t\t\t<a class=\"pop-gallery\" data-fancybox=\"group3\" data-thumb=\"https:\/\/centrum-songo.pl\/wp-content\/uploads\/2023\/08\/cert06-300x300.jpg\" href=\"https:\/\/centrum-songo.pl\/wp-content\/uploads\/2023\/08\/cert06.jpg\" data-caption=\"\"><i class=\"fal fa-plus\"><\/i><\/a>\r\n\t\t\t\t\t\t\t\t\t\t<\/div>\r\n\t\t\t\t\t\t\t\t\t<\/div>\r\n\t\t\t\t\t\t\t\t\t\r\n\t\t\t\t\t\t\t   <\/div><div class=\"gallery grid-col-four \">\r\n\t\t\t\t\t\t\t\t\t<div class=\"gallery-image\">\r\n\t\t\t\t\t\t\t\t\t\t<img decoding=\"async\" src=\"https:\/\/centrum-songo.pl\/wp-content\/uploads\/2023\/08\/cert07-300x300.jpg\" alt=\"cert07\"\/>\r\n\t\t\t\t\t\t\t\t\t\t<div class=\"gal-icon\">\r\n\t\t\t\t\t\t\t\t\t\t\t<a class=\"pop-gallery\" data-fancybox=\"group3\" data-thumb=\"https:\/\/centrum-songo.pl\/wp-content\/uploads\/2023\/08\/cert07-300x300.jpg\" href=\"https:\/\/centrum-songo.pl\/wp-content\/uploads\/2023\/08\/cert07.jpg\" data-caption=\"\"><i class=\"fal fa-plus\"><\/i><\/a>\r\n\t\t\t\t\t\t\t\t\t\t<\/div>\r\n\t\t\t\t\t\t\t\t\t<\/div>\r\n\t\t\t\t\t\t\t\t\t\r\n\t\t\t\t\t\t\t   <\/div><div class=\"gallery grid-col-four  lastcols\">\r\n\t\t\t\t\t\t\t\t\t<div class=\"gallery-image\">\r\n\t\t\t\t\t\t\t\t\t\t<img decoding=\"async\" src=\"https:\/\/centrum-songo.pl\/wp-content\/uploads\/2023\/08\/cert08-300x300.jpg\" alt=\"cert08\"\/>\r\n\t\t\t\t\t\t\t\t\t\t<div class=\"gal-icon\">\r\n\t\t\t\t\t\t\t\t\t\t\t<a class=\"pop-gallery\" data-fancybox=\"group3\" data-thumb=\"https:\/\/centrum-songo.pl\/wp-content\/uploads\/2023\/08\/cert08-300x300.jpg\" href=\"https:\/\/centrum-songo.pl\/wp-content\/uploads\/2023\/08\/cert08.jpg\" data-caption=\"\"><i class=\"fal fa-plus\"><\/i><\/a>\r\n\t\t\t\t\t\t\t\t\t\t<\/div>\r\n\t\t\t\t\t\t\t\t\t<\/div>\r\n\t\t\t\t\t\t\t\t\t\r\n\t\t\t\t\t\t\t   <\/div><div class=\"gallery grid-col-four \">\r\n\t\t\t\t\t\t\t\t\t<div class=\"gallery-image\">\r\n\t\t\t\t\t\t\t\t\t\t<img decoding=\"async\" src=\"https:\/\/centrum-songo.pl\/wp-content\/uploads\/2023\/08\/cert09-300x300.jpg\" alt=\"cert09\"\/>\r\n\t\t\t\t\t\t\t\t\t\t<div class=\"gal-icon\">\r\n\t\t\t\t\t\t\t\t\t\t\t<a class=\"pop-gallery\" data-fancybox=\"group3\" data-thumb=\"https:\/\/centrum-songo.pl\/wp-content\/uploads\/2023\/08\/cert09-300x300.jpg\" href=\"https:\/\/centrum-songo.pl\/wp-content\/uploads\/2023\/08\/cert09.jpg\" data-caption=\"\"><i class=\"fal fa-plus\"><\/i><\/a>\r\n\t\t\t\t\t\t\t\t\t\t<\/div>\r\n\t\t\t\t\t\t\t\t\t<\/div>\r\n\t\t\t\t\t\t\t\t\t\r\n\t\t\t\t\t\t\t   <\/div><div class=\"gallery grid-col-four \">\r\n\t\t\t\t\t\t\t\t\t<div class=\"gallery-image\">\r\n\t\t\t\t\t\t\t\t\t\t<img decoding=\"async\" src=\"https:\/\/centrum-songo.pl\/wp-content\/uploads\/2023\/08\/cert10-300x300.jpg\" alt=\"cert10\"\/>\r\n\t\t\t\t\t\t\t\t\t\t<div class=\"gal-icon\">\r\n\t\t\t\t\t\t\t\t\t\t\t<a class=\"pop-gallery\" data-fancybox=\"group3\" data-thumb=\"https:\/\/centrum-songo.pl\/wp-content\/uploads\/2023\/08\/cert10-300x300.jpg\" href=\"https:\/\/centrum-songo.pl\/wp-content\/uploads\/2023\/08\/cert10.jpg\" data-caption=\"\"><i class=\"fal fa-plus\"><\/i><\/a>\r\n\t\t\t\t\t\t\t\t\t\t<\/div>\r\n\t\t\t\t\t\t\t\t\t<\/div>\r\n\t\t\t\t\t\t\t\t\t\r\n\t\t\t\t\t\t\t   <\/div><div class=\"gallery grid-col-four \">\r\n\t\t\t\t\t\t\t\t\t<div class=\"gallery-image\">\r\n\t\t\t\t\t\t\t\t\t\t<img decoding=\"async\" src=\"https:\/\/centrum-songo.pl\/wp-content\/uploads\/2023\/08\/cert11-300x300.jpg\" alt=\"cert11\"\/>\r\n\t\t\t\t\t\t\t\t\t\t<div class=\"gal-icon\">\r\n\t\t\t\t\t\t\t\t\t\t\t<a class=\"pop-gallery\" data-fancybox=\"group3\" data-thumb=\"https:\/\/centrum-songo.pl\/wp-content\/uploads\/2023\/08\/cert11-300x300.jpg\" href=\"https:\/\/centrum-songo.pl\/wp-content\/uploads\/2023\/08\/cert11.jpg\" data-caption=\"\"><i class=\"fal fa-plus\"><\/i><\/a>\r\n\t\t\t\t\t\t\t\t\t\t<\/div>\r\n\t\t\t\t\t\t\t\t\t<\/div>\r\n\t\t\t\t\t\t\t\t\t\r\n\t\t\t\t\t\t\t   <\/div><div class=\"clear\"><\/div><\/div>\n","protected":false},"excerpt":{"rendered":"<p>uczestniczy\u0142em w kursie &#8222;Wp\u0142yw \u017cywienia na zachowania ps\u00f3w&#8221; prowadzonym przez Pani\u0105 Dr.n.wet Sybill\u0119 Berwid-W\u00f3jtowicz w Centrum Edukacji Kynologicznej Psiakademia Sam ju\u017c nie pami\u0119tam dobrze kiedy w mojej g\u0142owie zrodzi\u0142a si\u0119 psia pasja. Jestem sk\u0142onny s\u0105dzi\u0107, \u017ce pierwsze s\u0142owa jakie pad\u0142o z moich ust brzmia\u0142o \u201epiesek\u201d . Jest to gatunek kt\u00f3ry od zawsze bardzo mnie przyci\u0105ga\u0142, mo\u017ce dlatego \u017ce nie urodzi\u0142em si\u0119 w rodzinie z psem tak bardzo mi go brakowa\u0142o, \u00a0a mo\u017ce dlatego \u017ce moja mama si\u0119 ich ba\u0142a, a mo\u017ce dlatego \u017ce m\u00f3j Tata je bardzo lubi\u0142\u2026nie wiem, mo\u017ce te\u017c dlatego \u017ce zawsze wybrzmiewa\u0142 we mnie zew wolno\u015bci, mi\u0142o\u015b\u0107&#8230; <\/p>\n","protected":false},"author":1,"featured_media":0,"parent":0,"menu_order":0,"comment_status":"closed","ping_status":"closed","template":"page-templates\/template-full-width.php","meta":{"footnotes":""},"class_list":["post-7","page","type-page","status-publish","hentry"],"_links":{"self":[{"href":"https:\/\/centrum-songo.pl\/index.php\/wp-json\/wp\/v2\/pages\/7","targetHints":{"allow":["GET"]}}],"collection":[{"href":"https:\/\/centrum-songo.pl\/index.php\/wp-json\/wp\/v2\/pages"}],"about":[{"href":"https:\/\/centrum-songo.pl\/index.php\/wp-json\/wp\/v2\/types\/page"}],"author":[{"embeddable":true,"href":"https:\/\/centrum-songo.pl\/index.php\/wp-json\/wp\/v2\/users\/1"}],"replies":[{"embeddable":true,"href":"https:\/\/centrum-songo.pl\/index.php\/wp-json\/wp\/v2\/comments?post=7"}],"version-history":[{"count":100,"href":"https:\/\/centrum-songo.pl\/index.php\/wp-json\/wp\/v2\/pages\/7\/revisions"}],"predecessor-version":[{"id":6039,"href":"https:\/\/centrum-songo.pl\/index.php\/wp-json\/wp\/v2\/pages\/7\/revisions\/6039"}],"wp:attachment":[{"href":"https:\/\/centrum-songo.pl\/index.php\/wp-json\/wp\/v2\/media?parent=7"}],"curies":[{"name":"wp","href":"https:\/\/api.w.org\/{rel}","templated":true}]}}